{"id":12150,"date":"2018-07-18T09:24:20","date_gmt":"2018-07-18T09:24:20","guid":{"rendered":"https:\/\/quaternio.ch\/?page_id=12150\/"},"modified":"2025-11-25T12:05:31","modified_gmt":"2025-11-25T12:05:31","slug":"calendrier-mural","status":"publish","type":"page","link":"https:\/\/quaternio.ch\/fr\/collection-livre-art\/calendrier-mural\/","title":{"rendered":"Calendrier mural &#8211; Collection Livre &#038; Art"},"content":{"rendered":"<p>[et_pb_section fb_built=&nbsp;&raquo;1&Prime; background_color=&nbsp;&raquo;#ffffff&nbsp;&raquo; admin_label=&nbsp;&raquo;section&nbsp;&raquo; custom_padding_last_edited=&nbsp;&raquo;on|desktop&nbsp;&raquo; _builder_version=&nbsp;&raquo;3.0.47&Prime; transparent_background=&nbsp;&raquo;off&nbsp;&raquo;][et_pb_row custom_padding=&nbsp;&raquo;0px|||&nbsp;&raquo; padding_mobile=&nbsp;&raquo;off&nbsp;&raquo; column_padding_mobile=&nbsp;&raquo;on&nbsp;&raquo; parallax_method_1=&nbsp;&raquo;off&nbsp;&raquo; custom_padding_last_edited=&nbsp;&raquo;on|desktop&nbsp;&raquo; _builder_version=&nbsp;&raquo;3.0.47&Prime; background_size=&nbsp;&raquo;initial&nbsp;&raquo; background_position=&nbsp;&raquo;top_left&nbsp;&raquo; background_repeat=&nbsp;&raquo;repeat&nbsp;&raquo;][et_pb_column type=&nbsp;&raquo;4_4&Prime; _builder_version=&nbsp;&raquo;3.0.47&Prime; column_padding_mobile=&nbsp;&raquo;on&nbsp;&raquo; parallax=&nbsp;&raquo;off&nbsp;&raquo; parallax_method=&nbsp;&raquo;off&nbsp;&raquo;][et_pb_text admin_label=&nbsp;&raquo;Text &#8211; simulierte Navigation FR&nbsp;&raquo; _builder_version=&nbsp;&raquo;3.0.96&Prime; background_size=&nbsp;&raquo;initial&nbsp;&raquo; background_position=&nbsp;&raquo;top_left&nbsp;&raquo; background_repeat=&nbsp;&raquo;repeat&nbsp;&raquo; use_border_color=&nbsp;&raquo;off&nbsp;&raquo; saved_tabs=&nbsp;&raquo;all&nbsp;&raquo;]<\/p>\n<p style=\"text-align: center;\"><span style=\"font-size: 10pt; color: #333333;\"><a href=\"https:\/\/quaternio.ch\/fr\/collection-livre-art\/\">Livre d&rsquo;Art<\/a> | <a href=\"https:\/\/quaternio.ch\/fr\/collection-livre-art\/catalogues\/\">Catalogues<\/a> | <span style=\"text-decoration: underline;\">Calendrier mural<\/span><\/span><\/p>\n<p>[\/et_pb_text][\/et_pb_column][\/et_pb_row][et_pb_row custom_padding=&nbsp;&raquo;||30px|&nbsp;&raquo; padding_mobile=&nbsp;&raquo;off&nbsp;&raquo; column_padding_mobile=&nbsp;&raquo;on&nbsp;&raquo; parallax_method_1=&nbsp;&raquo;off&nbsp;&raquo; custom_padding_last_edited=&nbsp;&raquo;on|desktop&nbsp;&raquo; _builder_version=&nbsp;&raquo;3.0.47&Prime; background_size=&nbsp;&raquo;initial&nbsp;&raquo; background_position=&nbsp;&raquo;top_left&nbsp;&raquo; background_repeat=&nbsp;&raquo;repeat&nbsp;&raquo;][et_pb_column type=&nbsp;&raquo;4_4&Prime; _builder_version=&nbsp;&raquo;3.0.47&Prime; column_padding_mobile=&nbsp;&raquo;on&nbsp;&raquo; parallax=&nbsp;&raquo;off&nbsp;&raquo; parallax_method=&nbsp;&raquo;off&nbsp;&raquo;][et_pb_text admin_label=&nbsp;&raquo;Text &#8211; \u00dcberschriften Wandkalender FR&nbsp;&raquo; _builder_version=&nbsp;&raquo;3.0.96&Prime; background_size=&nbsp;&raquo;initial&nbsp;&raquo; background_position=&nbsp;&raquo;top_left&nbsp;&raquo; background_repeat=&nbsp;&raquo;repeat&nbsp;&raquo; text_orientation=&nbsp;&raquo;center&nbsp;&raquo; module_alignment=&nbsp;&raquo;center&nbsp;&raquo; use_border_color=&nbsp;&raquo;off&nbsp;&raquo;]<\/p>\n<h1><span style=\"font-size: 18pt;\"><strong>Calendrier mural<\/strong><\/span><\/h1>\n<h2><span style=\"font-size: 14pt;\"><em>Des chefs-d\u2019\u0153uvre de l\u2019enluminure<\/em><\/span><\/h2>\n<p>[\/et_pb_text][\/et_pb_column][\/et_pb_row][et_pb_row custom_padding=&nbsp;&raquo;|188px|35px|188px&nbsp;&raquo; custom_padding_tablet=&nbsp;&raquo;|0px|35px|0px&nbsp;&raquo; column_padding_mobile=&nbsp;&raquo;on&nbsp;&raquo; parallax_method_1=&nbsp;&raquo;off&nbsp;&raquo; parallax_method_2=&nbsp;&raquo;off&nbsp;&raquo; parallax_method_3=&nbsp;&raquo;off&nbsp;&raquo; custom_padding_last_edited=&nbsp;&raquo;on|desktop&nbsp;&raquo; _builder_version=&nbsp;&raquo;3.0.96&Prime; background_size=&nbsp;&raquo;initial&nbsp;&raquo; background_position=&nbsp;&raquo;top_left&nbsp;&raquo; background_repeat=&nbsp;&raquo;repeat&nbsp;&raquo;][et_pb_column type=&nbsp;&raquo;4_4&Prime; _builder_version=&nbsp;&raquo;3.0.47&Prime; column_padding_mobile=&nbsp;&raquo;on&nbsp;&raquo; parallax=&nbsp;&raquo;off&nbsp;&raquo; parallax_method=&nbsp;&raquo;off&nbsp;&raquo;][et_pb_text admin_label=&nbsp;&raquo;Text &#8211; Text Einf\u00fchrung FR&nbsp;&raquo; _builder_version=&nbsp;&raquo;3.0.96&Prime; text_font_size=&nbsp;&raquo;16&Prime; text_font_size_tablet=&nbsp;&raquo;12&Prime; text_font_size_last_edited=&nbsp;&raquo;on|desktop&nbsp;&raquo; text_line_height=&nbsp;&raquo;1.8em&nbsp;&raquo; header_line_height_last_edited=&nbsp;&raquo;off|tablet&nbsp;&raquo; background_size=&nbsp;&raquo;initial&nbsp;&raquo; background_position=&nbsp;&raquo;top_left&nbsp;&raquo; background_repeat=&nbsp;&raquo;repeat&nbsp;&raquo; use_border_color=&nbsp;&raquo;off&nbsp;&raquo; saved_tabs=&nbsp;&raquo;all&nbsp;&raquo;]<\/p>\n<p>Chaque ann\u00e9e, les \u00c9ditions Quaternio Lucerne sortent un calendrier avec des &laquo;&nbsp;chefs-d\u2019\u0153uvre de l&rsquo;enluminure&nbsp;&raquo;. Chaque mois vous trouverez ainsi des motifs repris des plus beaux manuscrits enlumin\u00e9s du Moyen \u00c2ge. Au dos de chaque page de calendrier, les pages des manuscrits et miniatures reproduits sont expliqu\u00e9es en d\u00e9tail. Vivez le plaisir de l&rsquo;enluminure toute l&rsquo;ann\u00e9e, de janvier \u00e0 d\u00e9cembre\u00a0!<\/p>\n<p>[\/et_pb_text][et_pb_text admin_label=&nbsp;&raquo;Text &#8211; Nur in Deutsch FR&nbsp;&raquo; _builder_version=&nbsp;&raquo;3.0.96&Prime; text_font_size=&nbsp;&raquo;16&Prime; text_font_size_tablet=&nbsp;&raquo;12&Prime; text_font_size_last_edited=&nbsp;&raquo;on|desktop&nbsp;&raquo; text_line_height=&nbsp;&raquo;1.8em&nbsp;&raquo; header_line_height_last_edited=&nbsp;&raquo;off|tablet&nbsp;&raquo; background_size=&nbsp;&raquo;initial&nbsp;&raquo; background_position=&nbsp;&raquo;top_left&nbsp;&raquo; background_repeat=&nbsp;&raquo;repeat&nbsp;&raquo; use_border_color=&nbsp;&raquo;off&nbsp;&raquo; saved_tabs=&nbsp;&raquo;all&nbsp;&raquo;]<\/p>\n<p style=\"text-align: center;\">(Le calendrier est seulement disponible en allemand)<\/p>\n<p>[\/et_pb_text][\/et_pb_column][\/et_pb_row][et_pb_row custom_padding=&nbsp;&raquo;|100px|45px|100px&nbsp;&raquo; custom_padding_tablet=&nbsp;&raquo;|0px|45px|0px&nbsp;&raquo; column_padding_mobile=&nbsp;&raquo;on&nbsp;&raquo; parallax_method_1=&nbsp;&raquo;off&nbsp;&raquo; disabled_on=&nbsp;&raquo;on|on|&nbsp;&raquo; custom_padding_last_edited=&nbsp;&raquo;on|desktop&nbsp;&raquo; _builder_version=&nbsp;&raquo;3.0.47&Prime; background_size=&nbsp;&raquo;initial&nbsp;&raquo; background_position=&nbsp;&raquo;top_left&nbsp;&raquo; background_repeat=&nbsp;&raquo;repeat&nbsp;&raquo;][et_pb_column type=&nbsp;&raquo;4_4&Prime; _builder_version=&nbsp;&raquo;3.0.47&Prime; column_padding_mobile=&nbsp;&raquo;on&nbsp;&raquo; parallax=&nbsp;&raquo;off&nbsp;&raquo; parallax_method=&nbsp;&raquo;off&nbsp;&raquo;][et_pb_divider color=&nbsp;&raquo;#eaeaea&nbsp;&raquo; show_divider=&nbsp;&raquo;on&nbsp;&raquo; disabled_on=&nbsp;&raquo;on|on|off&nbsp;&raquo; admin_label=&nbsp;&raquo;Teiler NEU&nbsp;&raquo; _builder_version=&nbsp;&raquo;3.0.47&Prime; hide_on_mobile=&nbsp;&raquo;on&nbsp;&raquo;][\/et_pb_divider][\/et_pb_column][\/et_pb_row][et_pb_row custom_padding=&nbsp;&raquo;|130px||130px&nbsp;&raquo; custom_padding_tablet=&nbsp;&raquo;|0px||0px&nbsp;&raquo; padding_right_1=&nbsp;&raquo;20px&nbsp;&raquo; padding_top_2=&nbsp;&raquo;3px&nbsp;&raquo; padding_left_2=&nbsp;&raquo;20px&nbsp;&raquo; parallax_method_1=&nbsp;&raquo;off&nbsp;&raquo; parallax_method_2=&nbsp;&raquo;off&nbsp;&raquo; padding_1_tablet=&nbsp;&raquo;|0px||&nbsp;&raquo; padding_2_tablet=&nbsp;&raquo;3px|||0px&nbsp;&raquo; padding_1_last_edited=&nbsp;&raquo;on|tablet&nbsp;&raquo; padding_2_last_edited=&nbsp;&raquo;on|desktop&nbsp;&raquo; admin_label=&nbsp;&raquo;row&nbsp;&raquo; custom_padding_last_edited=&nbsp;&raquo;on|tablet&nbsp;&raquo; _builder_version=&nbsp;&raquo;3.0.47&Prime; background_size=&nbsp;&raquo;initial&nbsp;&raquo; background_position=&nbsp;&raquo;top_left&nbsp;&raquo; background_repeat=&nbsp;&raquo;repeat&nbsp;&raquo;][et_pb_column type=&nbsp;&raquo;1_2&Prime; _builder_version=&nbsp;&raquo;3.0.47&Prime; padding_tablet=&nbsp;&raquo;|0px||&nbsp;&raquo; padding_last_edited=&nbsp;&raquo;on|tablet&nbsp;&raquo; padding_right=&nbsp;&raquo;20px&nbsp;&raquo; parallax=&nbsp;&raquo;off&nbsp;&raquo; parallax_method=&nbsp;&raquo;off&nbsp;&raquo;][et_pb_text admin_label=&nbsp;&raquo;Text &#8211; \u00dcberschrift Wandkalender 2021&Prime; _builder_version=&nbsp;&raquo;3.0.96&Prime; background_size=&nbsp;&raquo;initial&nbsp;&raquo; background_position=&nbsp;&raquo;top_left&nbsp;&raquo; background_repeat=&nbsp;&raquo;repeat&nbsp;&raquo; custom_margin=&nbsp;&raquo;15px||20px|&nbsp;&raquo; custom_margin_last_edited=&nbsp;&raquo;on|desktop&nbsp;&raquo; use_border_color=&nbsp;&raquo;off&nbsp;&raquo;]<\/p>\n<h3><strong><span style=\"font-size: 14pt; color: #333333;\">Der Wandkalender 2026<\/p>\n<p>aus dem Quaternio Verlag Luzern<\/span><\/strong><\/h3>\n<p>[\/et_pb_text][et_pb_text admin_label=&nbsp;&raquo;Text &#8211; Wandkalender 2025&Prime; _builder_version=&nbsp;&raquo;3.0.96&Prime; background_size=&nbsp;&raquo;initial&nbsp;&raquo; background_position=&nbsp;&raquo;top_left&nbsp;&raquo; background_repeat=&nbsp;&raquo;repeat&nbsp;&raquo; custom_margin=&nbsp;&raquo;10px|||&nbsp;&raquo; custom_margin_last_edited=&nbsp;&raquo;on|desktop&nbsp;&raquo; use_border_color=&nbsp;&raquo;off&nbsp;&raquo;]<\/p>\n<p><strong><br \/> Faszinierende Tierwelten des Mittelalters<\/p>\n<p><\/strong><\/p>\n<p><strong>Mehr als blo\u00dfe Dekoration: Entdecken Sie ein Jahrtausend mittelalterlicher Buchkunst in unserem neuen Jahresbegleiter.<\/strong><\/p>\n<p>\u00a0<span style=\"font-family: inherit;\"><br \/>Tiere faszinieren \u2013 heute wie damals. Doch in der mittelalterlichen Buchkunst sind sie weit mehr als schm\u00fcckendes Beiwerk. Sie sind Bedeutungstr\u00e4ger, erz\u00e4hlen moralische Geschichten und spiegeln die Wertvorstellung vergangener Jahrhunderte wider. Unser Wandkalender 2026 \u00f6ffnet Ihnen den Blick auf diese einzigartige k\u00fcnstlerische Auseinandersetzung und zeugt von der enormen Phantasie und Kunstfertigkeit der alten Meister.<\/span><\/p>\n<p>\u00a0<\/p>\n<p>[\/et_pb_text][et_pb_text disabled_on=&nbsp;&raquo;on|on|on&nbsp;&raquo; admin_label=&nbsp;&raquo;Text &#8211; Auslieferung&nbsp;&raquo; _builder_version=&nbsp;&raquo;3.0.96&Prime; background_size=&nbsp;&raquo;initial&nbsp;&raquo; background_position=&nbsp;&raquo;top_left&nbsp;&raquo; background_repeat=&nbsp;&raquo;repeat&nbsp;&raquo; custom_margin_last_edited=&nbsp;&raquo;off|tablet&nbsp;&raquo; custom_padding=&nbsp;&raquo;15px|||&nbsp;&raquo; custom_padding_last_edited=&nbsp;&raquo;on|tablet&nbsp;&raquo; use_border_color=&nbsp;&raquo;off&nbsp;&raquo; disabled=&nbsp;&raquo;on&nbsp;&raquo;][\/et_pb_text][\/et_pb_column][et_pb_column type=&nbsp;&raquo;1_2&Prime; _builder_version=&nbsp;&raquo;3.0.47&Prime; padding_tablet=&nbsp;&raquo;3px|||0px&nbsp;&raquo; padding_last_edited=&nbsp;&raquo;on|desktop&nbsp;&raquo; padding_left=&nbsp;&raquo;20px&nbsp;&raquo; padding_top=&nbsp;&raquo;3px&nbsp;&raquo; parallax=&nbsp;&raquo;off&nbsp;&raquo; parallax_method=&nbsp;&raquo;off&nbsp;&raquo;][et_pb_gallery gallery_ids=&nbsp;&raquo;19171,19162,19159,19168,19216&Prime; gallery_captions=&nbsp;&raquo;,,,,&nbsp;&raquo; fullwidth=&nbsp;&raquo;on&nbsp;&raquo; background_layout=&nbsp;&raquo;dark&nbsp;&raquo; admin_label=&nbsp;&raquo;Galerie &#8211; Wandkalender 2026&Prime; _builder_version=&nbsp;&raquo;3.0.96&Prime; pagination_font_size_tablet=&nbsp;&raquo;51&Prime; pagination_line_height_tablet=&nbsp;&raquo;2&Prime; use_border_color=&nbsp;&raquo;off&nbsp;&raquo;][\/et_pb_gallery][\/et_pb_column][\/et_pb_row][et_pb_row custom_padding=&nbsp;&raquo;|130px||130px&nbsp;&raquo; custom_padding_tablet=&nbsp;&raquo;|0px||0px&nbsp;&raquo; padding_right_1=&nbsp;&raquo;20px&nbsp;&raquo; padding_top_2=&nbsp;&raquo;3px&nbsp;&raquo; padding_left_2=&nbsp;&raquo;20px&nbsp;&raquo; parallax_method_1=&nbsp;&raquo;off&nbsp;&raquo; parallax_method_2=&nbsp;&raquo;off&nbsp;&raquo; padding_1_tablet=&nbsp;&raquo;|0px||&nbsp;&raquo; padding_2_tablet=&nbsp;&raquo;3px|||0px&nbsp;&raquo; padding_1_last_edited=&nbsp;&raquo;on|tablet&nbsp;&raquo; padding_2_last_edited=&nbsp;&raquo;on|desktop&nbsp;&raquo; admin_label=&nbsp;&raquo;row&nbsp;&raquo; custom_padding_last_edited=&nbsp;&raquo;on|tablet&nbsp;&raquo; _builder_version=&nbsp;&raquo;3.0.47&Prime; background_size=&nbsp;&raquo;initial&nbsp;&raquo; background_position=&nbsp;&raquo;top_left&nbsp;&raquo; background_repeat=&nbsp;&raquo;repeat&nbsp;&raquo;][et_pb_column type=&nbsp;&raquo;1_2&Prime; _builder_version=&nbsp;&raquo;3.0.47&Prime; padding_tablet=&nbsp;&raquo;|0px||&nbsp;&raquo; padding_last_edited=&nbsp;&raquo;on|tablet&nbsp;&raquo; padding_right=&nbsp;&raquo;20px&nbsp;&raquo; parallax=&nbsp;&raquo;off&nbsp;&raquo; parallax_method=&nbsp;&raquo;off&nbsp;&raquo;][et_pb_text _builder_version=&nbsp;&raquo;3.0.96&Prime;]<strong>Eine kuratierte Zeitreise durch die sch\u00f6nsten Handschriften<\/strong><\/p>\n<p>F\u00fcr diesen Kalender haben wir eine exklusive Auswahl aus den \u00fcber 30 originalgetreuen Faksimile-Editionen getroffen, die der Quaternio Verlag Luzern in den letzten 15 Jahren herausgegeben hat. Das Spektrum dieser Sch\u00e4tze reicht von fr\u00fchen Meisterwerken des 6. Jahrhunderts bis hin zur Renaissance.<\/p>\n<p>Monat f\u00fcr Monat begegnen Ihnen eindrucksvolle Tierszenen, die Staunen und Neugier wecken. Freuen Sie sich auf Highlights aus bedeutenden Werken wie dem <i>Goldenen M\u00fcnchner Psalter<\/i>, dem <i>Queen-Mary-Psalter<\/i>, dem <i>Peterborough-Psalter<\/i> oder der <i>Wiener Genesis<\/i>.[\/et_pb_text][\/et_pb_column][et_pb_column type=&nbsp;&raquo;1_2&Prime; _builder_version=&nbsp;&raquo;3.0.47&Prime; padding_tablet=&nbsp;&raquo;3px|||0px&nbsp;&raquo; padding_last_edited=&nbsp;&raquo;on|desktop&nbsp;&raquo; padding_left=&nbsp;&raquo;20px&nbsp;&raquo; padding_top=&nbsp;&raquo;3px&nbsp;&raquo; parallax=&nbsp;&raquo;off&nbsp;&raquo; parallax_method=&nbsp;&raquo;off&nbsp;&raquo;][et_pb_text _builder_version=&nbsp;&raquo;3.0.96&Prime;]<\/p>\n<p>&nbsp;<\/p>\n<p>Dieser Wandkalender ist nicht nur ein stilvoller Begleiter durch das Jahr 2026, sondern eine Einladung zum Entdecken. Er bietet Ihnen eine Reise durch fast ein Jahrtausend Kunstgeschichte \u2013 voller fantastischer Wesen und verborgener Bedeutungen.<\/p>\n<p>Damit Sie tiefer in die Materie eintauchen k\u00f6nnen, finden Sie auf der R\u00fcckseite jedes Kalenderblatts ausf\u00fchrliche Informationen zu den abgebildeten Handschriften und ihren tierischen Protagonisten.<br \/> Wir w\u00fcnschen Ihnen viel Freude beim Entdecken der mittelalterlichen Tierwelt!<\/p>\n<p><span style=\"text-decoration: underline;\">Der Kalender ist ab sofort lieferbar.<\/span><\/p>\n<p>[\/et_pb_text][\/et_pb_column][\/et_pb_row][et_pb_row custom_padding=&nbsp;&raquo;35px|100px|35px|100px&nbsp;&raquo; custom_padding_tablet=&nbsp;&raquo;|0px|25px|0px&nbsp;&raquo; column_padding_mobile=&nbsp;&raquo;on&nbsp;&raquo; parallax_method_1=&nbsp;&raquo;off&nbsp;&raquo; disabled_on=&nbsp;&raquo;on|on|&nbsp;&raquo; custom_padding_last_edited=&nbsp;&raquo;on|desktop&nbsp;&raquo; _builder_version=&nbsp;&raquo;3.0.47&Prime; background_size=&nbsp;&raquo;initial&nbsp;&raquo; background_position=&nbsp;&raquo;top_left&nbsp;&raquo; background_repeat=&nbsp;&raquo;repeat&nbsp;&raquo;][et_pb_column type=&nbsp;&raquo;4_4&Prime; _builder_version=&nbsp;&raquo;3.0.47&Prime; column_padding_mobile=&nbsp;&raquo;on&nbsp;&raquo; parallax=&nbsp;&raquo;off&nbsp;&raquo; parallax_method=&nbsp;&raquo;off&nbsp;&raquo;][et_pb_divider color=&nbsp;&raquo;#eaeaea&nbsp;&raquo; show_divider=&nbsp;&raquo;on&nbsp;&raquo; disabled_on=&nbsp;&raquo;on|on|off&nbsp;&raquo; admin_label=&nbsp;&raquo;Teiler NEU&nbsp;&raquo; _builder_version=&nbsp;&raquo;3.0.47&Prime; hide_on_mobile=&nbsp;&raquo;on&nbsp;&raquo;][\/et_pb_divider][\/et_pb_column][\/et_pb_row][\/et_pb_section][et_pb_section fb_built=&nbsp;&raquo;1&Prime; background_color=&nbsp;&raquo;#ffffff&nbsp;&raquo; custom_padding_last_edited=&nbsp;&raquo;on|desktop&nbsp;&raquo; _builder_version=&nbsp;&raquo;3.0.47&Prime; custom_padding=&nbsp;&raquo;0px|||&nbsp;&raquo; transparent_background=&nbsp;&raquo;off&nbsp;&raquo;][et_pb_row custom_padding=&nbsp;&raquo;0px|190px||190px&nbsp;&raquo; custom_padding_tablet=&nbsp;&raquo;|0px||0px&nbsp;&raquo; parallax_method_1=&nbsp;&raquo;off&nbsp;&raquo; parallax_method_2=&nbsp;&raquo;off&nbsp;&raquo; padding_1_last_edited=&nbsp;&raquo;on|phone&nbsp;&raquo; padding_2_last_edited=&nbsp;&raquo;on|tablet&nbsp;&raquo; custom_padding_last_edited=&nbsp;&raquo;on|desktop&nbsp;&raquo; _builder_version=&nbsp;&raquo;3.0.47&Prime; background_size=&nbsp;&raquo;initial&nbsp;&raquo; background_position=&nbsp;&raquo;top_left&nbsp;&raquo; background_repeat=&nbsp;&raquo;repeat&nbsp;&raquo;][et_pb_column type=&nbsp;&raquo;1_2&Prime; _builder_version=&nbsp;&raquo;3.0.47&Prime; padding_last_edited=&nbsp;&raquo;on|phone&nbsp;&raquo; parallax=&nbsp;&raquo;off&nbsp;&raquo; parallax_method=&nbsp;&raquo;off&nbsp;&raquo;][et_pb_blurb title=&nbsp;&raquo;Boutique en ligne&nbsp;&raquo; url=&nbsp;&raquo;https:\/\/www.shop-quaternio.de\/73\/kalender-2026-meisterwerke-der-buchmalerei-tierwelten-des-mittelalters&nbsp;&raquo; use_icon=&nbsp;&raquo;on&nbsp;&raquo; font_icon=&nbsp;&raquo;%%114%%&nbsp;&raquo; icon_color=&nbsp;&raquo;#9e9e9e&nbsp;&raquo; admin_label=&nbsp;&raquo;Shopbestellung Kalender NEU FR&nbsp;&raquo; _builder_version=&nbsp;&raquo;3.0.96&Prime; header_font=&nbsp;&raquo;|700|||||||&nbsp;&raquo; header_font_size=&nbsp;&raquo;16&Prime; header_text_color=&nbsp;&raquo;#b30033&Prime; header_line_height=&nbsp;&raquo;2em&nbsp;&raquo; body_font_size=&nbsp;&raquo;13&Prime; text_orientation=&nbsp;&raquo;center&nbsp;&raquo; animation=&nbsp;&raquo;off&nbsp;&raquo;]<\/p>\n<p>Pour commander notre calendrier 2026 \u00e0 la boutique en ligne (en allemand), c&rsquo;est ici, ou veuillez nous contacter par courriel <a href=\"mailto:info@quaternio.ch\" rel=\"noopener\">info@quaternio.ch<\/a>.<\/p>\n<p>[\/et_pb_blurb][\/et_pb_column][et_pb_column type=&nbsp;&raquo;1_2&Prime; _builder_version=&nbsp;&raquo;3.0.47&Prime; padding_last_edited=&nbsp;&raquo;on|tablet&nbsp;&raquo; parallax=&nbsp;&raquo;off&nbsp;&raquo; parallax_method=&nbsp;&raquo;off&nbsp;&raquo;][et_pb_blurb title=&nbsp;&raquo;Prendre contact avec nous&nbsp;&raquo; url=&nbsp;&raquo;https:\/\/quaternio.ch\/kontakt\/&nbsp;&raquo; use_icon=&nbsp;&raquo;on&nbsp;&raquo; font_icon=&nbsp;&raquo;%%109%%&nbsp;&raquo; icon_color=&nbsp;&raquo;#9e9e9e&nbsp;&raquo; admin_label=&nbsp;&raquo;Kontaktaufnahme FR&nbsp;&raquo; _builder_version=&nbsp;&raquo;3.0.96&Prime; header_font=&nbsp;&raquo;|on|||&nbsp;&raquo; header_font_size=&nbsp;&raquo;16&Prime; header_text_color=&nbsp;&raquo;#b30033&Prime; header_line_height=&nbsp;&raquo;2em&nbsp;&raquo; body_font_size=&nbsp;&raquo;13&Prime; background_size=&nbsp;&raquo;initial&nbsp;&raquo; background_position=&nbsp;&raquo;top_left&nbsp;&raquo; background_repeat=&nbsp;&raquo;repeat&nbsp;&raquo; text_orientation=&nbsp;&raquo;center&nbsp;&raquo; max_width_tablet=&nbsp;&raquo;50px&nbsp;&raquo; custom_margin_last_edited=&nbsp;&raquo;off|desktop&nbsp;&raquo; animation=&nbsp;&raquo;off&nbsp;&raquo; use_border_color=&nbsp;&raquo;off&nbsp;&raquo; saved_tabs=&nbsp;&raquo;all&nbsp;&raquo;]Vous souhaitez en savoir davantage\u00a0? Vous avez un souhait, une question, une suggestion\u00a0? N&rsquo;h\u00e9sitez pas \u00e0 nous contacter, en ligne ou par t\u00e9l\u00e9phone\u00a0!<br \/>\n[\/et_pb_blurb][\/et_pb_column][\/et_pb_row][\/et_pb_section]<\/p>\n","protected":false},"excerpt":{"rendered":"<p>[et_pb_section fb_built=&nbsp;&raquo;1&Prime; background_color=&nbsp;&raquo;#ffffff&nbsp;&raquo; admin_label=&nbsp;&raquo;section&nbsp;&raquo; custom_padding_last_edited=&nbsp;&raquo;on|desktop&nbsp;&raquo; _builder_version=&nbsp;&raquo;3.0.47&Prime; transparent_background=&nbsp;&raquo;off&nbsp;&raquo;][et_pb_row custom_padding=&nbsp;&raquo;0px|||&nbsp;&raquo; padding_mobile=&nbsp;&raquo;off&nbsp;&raquo; column_padding_mobile=&nbsp;&raquo;on&nbsp;&raquo; parallax_method_1=&nbsp;&raquo;off&nbsp;&raquo; custom_padding_last_edited=&nbsp;&raquo;on|desktop&nbsp;&raquo; _builder_version=&nbsp;&raquo;3.0.47&Prime; background_size=&nbsp;&raquo;initial&nbsp;&raquo; background_position=&nbsp;&raquo;top_left&nbsp;&raquo; background_repeat=&nbsp;&raquo;repeat&nbsp;&raquo;][et_pb_column type=&nbsp;&raquo;4_4&Prime; _builder_version=&nbsp;&raquo;3.0.47&Prime; column_padding_mobile=&nbsp;&raquo;on&nbsp;&raquo; parallax=&nbsp;&raquo;off&nbsp;&raquo; parallax_method=&nbsp;&raquo;off&nbsp;&raquo;][et_pb_text admin_label=&nbsp;&raquo;Text &#8211; simulierte Navigation FR&nbsp;&raquo; _builder_version=&nbsp;&raquo;3.0.96&Prime; background_size=&nbsp;&raquo;initial&nbsp;&raquo; background_position=&nbsp;&raquo;top_left&nbsp;&raquo; background_repeat=&nbsp;&raquo;repeat&nbsp;&raquo; use_border_color=&nbsp;&raquo;off&nbsp;&raquo; saved_tabs=&nbsp;&raquo;all&nbsp;&raquo;] Livre d&rsquo;Art | Catalogues | Calendrier mural [\/et_pb_text][\/et_pb_column][\/et_pb_row][et_pb_row custom_padding=&nbsp;&raquo;||30px|&nbsp;&raquo; padding_mobile=&nbsp;&raquo;off&nbsp;&raquo; column_padding_mobile=&nbsp;&raquo;on&nbsp;&raquo; parallax_method_1=&nbsp;&raquo;off&nbsp;&raquo; custom_padding_last_edited=&nbsp;&raquo;on|desktop&nbsp;&raquo; _builder_version=&nbsp;&raquo;3.0.47&Prime; background_size=&nbsp;&raquo;initial&nbsp;&raquo; background_position=&nbsp;&raquo;top_left&nbsp;&raquo; background_repeat=&nbsp;&raquo;repeat&nbsp;&raquo;][et_pb_column type=&nbsp;&raquo;4_4&Prime; _builder_version=&nbsp;&raquo;3.0.47&Prime; column_padding_mobile=&nbsp;&raquo;on&nbsp;&raquo; parallax=&nbsp;&raquo;off&nbsp;&raquo; parallax_method=&nbsp;&raquo;off&nbsp;&raquo;][et_pb_text admin_label=&nbsp;&raquo;Text [&hellip;]<\/p>\n","protected":false},"author":1,"featured_media":0,"parent":8569,"menu_order":300,"comment_status":"closed","ping_status":"closed","template":"","meta":[],"_links":{"self":[{"href":"https:\/\/quaternio.ch\/fr\/wp-json\/wp\/v2\/pages\/12150"}],"collection":[{"href":"https:\/\/quaternio.ch\/fr\/wp-json\/wp\/v2\/pages"}],"about":[{"href":"https:\/\/quaternio.ch\/fr\/wp-json\/wp\/v2\/types\/page"}],"author":[{"embeddable":true,"href":"https:\/\/quaternio.ch\/fr\/wp-json\/wp\/v2\/users\/1"}],"replies":[{"embeddable":true,"href":"https:\/\/quaternio.ch\/fr\/wp-json\/wp\/v2\/comments?post=12150"}],"version-history":[{"count":32,"href":"https:\/\/quaternio.ch\/fr\/wp-json\/wp\/v2\/pages\/12150\/revisions"}],"predecessor-version":[{"id":19248,"href":"https:\/\/quaternio.ch\/fr\/wp-json\/wp\/v2\/pages\/12150\/revisions\/19248"}],"up":[{"embeddable":true,"href":"https:\/\/quaternio.ch\/fr\/wp-json\/wp\/v2\/pages\/8569"}],"wp:attachment":[{"href":"https:\/\/quaternio.ch\/fr\/wp-json\/wp\/v2\/media?parent=12150"}],"curies":[{"name":"wp","href":"https:\/\/api.w.org\/{rel}","templated":true}]}}